{"id":725,"date":"2024-09-06T09:57:04","date_gmt":"2024-09-06T07:57:04","guid":{"rendered":"https:\/\/www.les-archanges.fr\/?page_id=725"},"modified":"2024-09-13T15:22:55","modified_gmt":"2024-09-13T13:22:55","slug":"equipe-senior-mixte","status":"publish","type":"page","link":"https:\/\/www.les-archanges.fr\/index.php\/equipe-senior-mixte\/","title":{"rendered":"Equipe s\u00e9nior mixte"},"content":{"rendered":"\t\t<div data-elementor-type=\"wp-page\" data-elementor-id=\"725\" class=\"elementor elementor-725\">\n\t\t\t\t\t\t<section class=\"elementor-section elementor-top-section elementor-element elementor-element-53f0a19 elementor-section-boxed elementor-section-height-default elementor-section-height-default\" data-id=\"53f0a19\" data-element_type=\"section\" data-e-type=\"section\">\n\t\t\t\t\t\t<div class=\"elementor-container elementor-column-gap-default\">\n\t\t\t\t\t<div class=\"elementor-column elementor-col-100 elementor-top-column elementor-element elementor-element-469f5fa\" data-id=\"469f5fa\" data-element_type=\"column\" data-e-type=\"column\">\n\t\t\t<div class=\"elementor-widget-wrap elementor-element-populated\">\n\t\t\t\t\t\t<div class=\"elementor-element elementor-element-82f90ca elementor-widget elementor-widget-heading\" data-id=\"82f90ca\" data-element_type=\"widget\" data-e-type=\"widget\" data-widget_type=\"heading.default\">\n\t\t\t\t<div class=\"elementor-widget-container\">\n\t\t\t\t\t<h2 class=\"elementor-heading-title elementor-size-default\">EQUIPE SENIOR MIXTE<\/h2>\t\t\t\t<\/div>\n\t\t\t\t<\/div>\n\t\t\t\t\t<\/div>\n\t\t<\/div>\n\t\t\t\t\t<\/div>\n\t\t<\/section>\n\t\t\t\t<section class=\"elementor-section elementor-top-section elementor-element elementor-element-ea8b83c elementor-section-boxed elementor-section-height-default elementor-section-height-default\" data-id=\"ea8b83c\" data-element_type=\"section\" data-e-type=\"section\">\n\t\t\t\t\t\t<div class=\"elementor-container elementor-column-gap-default\">\n\t\t\t\t\t<div class=\"elementor-column elementor-col-100 elementor-top-column elementor-element elementor-element-f175233\" data-id=\"f175233\" data-element_type=\"column\" data-e-type=\"column\">\n\t\t\t<div class=\"elementor-widget-wrap elementor-element-populated\">\n\t\t\t\t\t\t<div class=\"elementor-element elementor-element-e2e4880 elementor-widget elementor-widget-text-editor\" data-id=\"e2e4880\" data-element_type=\"widget\" data-e-type=\"widget\" data-widget_type=\"text-editor.default\">\n\t\t\t\t<div class=\"elementor-widget-container\">\n\t\t\t\t\t\t\t\t\t<div class=\"flex-shrink-0 flex flex-col relative items-end\"><div><div class=\"pt-0\"><div class=\"gizmo-bot-avatar flex h-8 w-8 items-center justify-center overflow-hidden rounded-full\">\u00a0<\/div><\/div><\/div><\/div><div class=\"group\/conversation-turn relative flex w-full min-w-0 flex-col agent-turn\"><div class=\"flex-col gap-1 md:gap-3\"><div class=\"flex max-w-full flex-col flex-grow\"><div class=\"min-h-[20px] text-message flex w-full flex-col items-end gap-2 whitespace-normal break-words [.text-message+&amp;]:mt-5\" dir=\"auto\" data-message-author-role=\"assistant\" data-message-id=\"ceaa0a1b-e870-4ad3-91fd-e6c5f7e02476\"><div class=\"flex w-full flex-col gap-1 empty:hidden first:pt-[3px]\"><div class=\"markdown prose w-full break-words dark:prose-invert light\"><p><strong>L&#8217;\u00c9quipe de Flag Football Mixte des Archanges de Molsheim !<\/strong><\/p><p>Notre \u00e9quipe de <strong>flag football mixte<\/strong> des <strong>Archanges<\/strong> de Molsheim est pr\u00eate \u00e0 se lancer dans une nouvelle saison ! Forts d&#8217;une exp\u00e9rience enrichissante au championnat de l&#8217;ann\u00e9e derni\u00e8re, nous sommes enthousiastes \u00e0 l&#8217;id\u00e9e de nous r\u00e9inscrire cette saison pour continuer \u00e0 progresser et relever de nouveaux d\u00e9fis.<\/p><p>Nos joueurs, \u00e0 la fois motiv\u00e9s et d\u00e9vou\u00e9s, s\u2019entra\u00eenent chaque mercredi soir de <strong>19h30 \u00e0 21h30<\/strong> au <strong>Stade du Holtzplatz \u00e0 Molsheim<\/strong>. Nous nous pr\u00e9parons intens\u00e9ment pour offrir des performances captivantes et mener de belles rencontres. Nous sommes \u00e0 la recherche de nouveaux talents, qu&#8217;ils soient filles ou gar\u00e7ons, pour renforcer notre \u00e9quipe. Que vous soyez novice ou exp\u00e9riment\u00e9, vous trouverez une place dans notre groupe soud\u00e9 et passionn\u00e9.<\/p><p>\u00a0<\/p><\/div><\/div><\/div><\/div><\/div><\/div>\t\t\t\t\t\t\t\t<\/div>\n\t\t\t\t<\/div>\n\t\t\t\t\t<\/div>\n\t\t<\/div>\n\t\t\t\t\t<\/div>\n\t\t<\/section>\n\t\t\t\t<section class=\"elementor-section elementor-top-section elementor-element elementor-element-7db2bfe elementor-section-boxed elementor-section-height-default elementor-section-height-default\" data-id=\"7db2bfe\" data-element_type=\"section\" data-e-type=\"section\">\n\t\t\t\t\t\t<div class=\"elementor-container elementor-column-gap-custom\">\n\t\t\t\t\t<div class=\"elementor-column elementor-col-50 elementor-top-column elementor-element elementor-element-6f0e15e\" data-id=\"6f0e15e\" data-element_type=\"column\" data-e-type=\"column\">\n\t\t\t<div class=\"elementor-widget-wrap elementor-element-populated\">\n\t\t\t\t\t\t<div class=\"elementor-element elementor-element-84a2d44 elementor-widget elementor-widget-image\" data-id=\"84a2d44\" data-element_type=\"widget\" data-e-type=\"widget\" data-widget_type=\"image.default\">\n\t\t\t\t<div class=\"elementor-widget-container\">\n\t\t\t\t\t\t\t\t\t\t\t\t\t\t\t<img decoding=\"async\" src=\"https:\/\/www.les-archanges.fr\/wp-content\/plugins\/elementor\/assets\/images\/placeholder.png\" title=\"\" alt=\"\" loading=\"lazy\" \/>\t\t\t\t\t\t\t\t\t\t\t\t\t\t\t<\/div>\n\t\t\t\t<\/div>\n\t\t\t\t\t<\/div>\n\t\t<\/div>\n\t\t\t\t<div class=\"elementor-column elementor-col-50 elementor-top-column elementor-element elementor-element-3a2be68\" data-id=\"3a2be68\" data-element_type=\"column\" data-e-type=\"column\">\n\t\t\t<div class=\"elementor-widget-wrap elementor-element-populated\">\n\t\t\t\t\t\t<div class=\"elementor-element elementor-element-362c973 elementor-widget elementor-widget-image\" data-id=\"362c973\" data-element_type=\"widget\" data-e-type=\"widget\" data-widget_type=\"image.default\">\n\t\t\t\t<div class=\"elementor-widget-container\">\n\t\t\t\t\t\t\t\t\t\t\t\t\t\t\t<img decoding=\"async\" src=\"https:\/\/www.les-archanges.fr\/wp-content\/plugins\/elementor\/assets\/images\/placeholder.png\" title=\"\" alt=\"\" loading=\"lazy\" \/>\t\t\t\t\t\t\t\t\t\t\t\t\t\t\t<\/div>\n\t\t\t\t<\/div>\n\t\t\t\t\t<\/div>\n\t\t<\/div>\n\t\t\t\t\t<\/div>\n\t\t<\/section>\n\t\t\t\t<section class=\"elementor-section elementor-top-section elementor-element elementor-element-d5a7f58 elementor-section-boxed elementor-section-height-default elementor-section-height-default\" data-id=\"d5a7f58\" data-element_type=\"section\" data-e-type=\"section\">\n\t\t\t\t\t\t<div class=\"elementor-container elementor-column-gap-default\">\n\t\t\t\t\t<div class=\"elementor-column elementor-col-50 elementor-top-column elementor-element elementor-element-3b7f4d8\" data-id=\"3b7f4d8\" data-element_type=\"column\" data-e-type=\"column\">\n\t\t\t<div class=\"elementor-widget-wrap\">\n\t\t\t\t\t\t\t<\/div>\n\t\t<\/div>\n\t\t\t\t<div class=\"elementor-column elementor-col-50 elementor-top-column elementor-element elementor-element-9bdaf4b\" data-id=\"9bdaf4b\" data-element_type=\"column\" data-e-type=\"column\">\n\t\t\t<div class=\"elementor-widget-wrap\">\n\t\t\t\t\t\t\t<\/div>\n\t\t<\/div>\n\t\t\t\t\t<\/div>\n\t\t<\/section>\n\t\t\t\t<section class=\"elementor-section elementor-top-section elementor-element elementor-element-fc781c8 elementor-section-boxed elementor-section-height-default elementor-section-height-default\" data-id=\"fc781c8\" data-element_type=\"section\" data-e-type=\"section\">\n\t\t\t\t\t\t<div class=\"elementor-container elementor-column-gap-default\">\n\t\t\t\t\t<div class=\"elementor-column elementor-col-100 elementor-top-column elementor-element elementor-element-f0285e5\" data-id=\"f0285e5\" data-element_type=\"column\" data-e-type=\"column\">\n\t\t\t<div class=\"elementor-widget-wrap elementor-element-populated\">\n\t\t\t\t\t\t<div class=\"elementor-element elementor-element-4493bf8 elementor-widget elementor-widget-text-editor\" data-id=\"4493bf8\" data-element_type=\"widget\" data-e-type=\"widget\" data-widget_type=\"text-editor.default\">\n\t\t\t\t<div class=\"elementor-widget-container\">\n\t\t\t\t\t\t\t\t\t<p><span style=\"color: #333399;\"><strong>D\u00e9couvrez notre calendrier de flag football ! Ne ratez aucun match des Archanges cette saison. Consultez les dates d\u00e8s maintenant et soyez pr\u00eats pour l\u2019action<\/strong> <\/span>!<\/p>\t\t\t\t\t\t\t\t<\/div>\n\t\t\t\t<\/div>\n\t\t\t\t\t<\/div>\n\t\t<\/div>\n\t\t\t\t\t<\/div>\n\t\t<\/section>\n\t\t\t\t<section class=\"elementor-section elementor-top-section elementor-element elementor-element-5737ec7 elementor-section-boxed elementor-section-height-default elementor-section-height-default\" data-id=\"5737ec7\" data-element_type=\"section\" data-e-type=\"section\">\n\t\t\t\t\t\t<div class=\"elementor-container elementor-column-gap-default\">\n\t\t\t\t\t<div class=\"elementor-column elementor-col-100 elementor-top-column elementor-element elementor-element-0ecd521\" data-id=\"0ecd521\" data-element_type=\"column\" data-e-type=\"column\">\n\t\t\t<div class=\"elementor-widget-wrap elementor-element-populated\">\n\t\t\t\t\t\t<div class=\"elementor-element elementor-element-a9a8abb elementor-align-center elementor-widget elementor-widget-button\" data-id=\"a9a8abb\" data-element_type=\"widget\" data-e-type=\"widget\" data-widget_type=\"button.default\">\n\t\t\t\t<div class=\"elementor-widget-container\">\n\t\t\t\t\t\t\t\t\t<div class=\"elementor-button-wrapper\">\n\t\t\t\t\t<a class=\"elementor-button elementor-button-link elementor-size-sm elementor-animation-grow\" href=\"\">\n\t\t\t\t\t\t<span class=\"elementor-button-content-wrapper\">\n\t\t\t\t\t\t\t\t\t<span class=\"elementor-button-text\">CALENDRIER DE LA SAISON<\/span>\n\t\t\t\t\t<\/span>\n\t\t\t\t\t<\/a>\n\t\t\t\t<\/div>\n\t\t\t\t\t\t\t\t<\/div>\n\t\t\t\t<\/div>\n\t\t\t\t\t<\/div>\n\t\t<\/div>\n\t\t\t\t\t<\/div>\n\t\t<\/section>\n\t\t\t\t<\/div>\n\t\t","protected":false},"excerpt":{"rendered":"<p>EQUIPE SENIOR MIXTE \u00a0 L&#8217;\u00c9quipe de Flag Football Mixte des Archanges de Molsheim ! Notre \u00e9quipe de flag football mixte des Archanges de Molsheim est pr\u00eate \u00e0 se lancer dans une nouvelle saison ! Forts d&#8217;une exp\u00e9rience enrichissante au championnat de l&#8217;ann\u00e9e derni\u00e8re, nous sommes enthousiastes \u00e0 l&#8217;id\u00e9e de nous r\u00e9inscrire cette saison pour continuer [&hellip;]<\/p>\n","protected":false},"author":2,"featured_media":0,"parent":0,"menu_order":0,"comment_status":"closed","ping_status":"closed","template":"","meta":{"site-sidebar-layout":"no-sidebar","site-content-layout":"page-builder","ast-site-content-layout":"full-width-container","site-content-style":"default","site-sidebar-style":"default","ast-global-header-display":"","ast-banner-title-visibility":"","ast-main-header-display":"","ast-hfb-above-header-display":"","ast-hfb-below-header-display":"","ast-hfb-mobile-header-display":"","site-post-title":"disabled","ast-breadcrumbs-content":"","ast-featured-img":"disabled","footer-sml-layout":"","theme-transparent-header-meta":"","adv-header-id-meta":"","stick-header-meta":"","header-above-stick-meta":"","header-main-stick-meta":"","header-below-stick-meta":"","astra-migrate-meta-layouts":"set","ast-page-background-enabled":"default","ast-page-background-meta":{"desktop":{"background-color":"","background-image":"","background-repeat":"repeat","background-position":"center center","background-size":"auto","background-attachment":"scroll","background-type":"","background-media":"","overlay-type":"","overlay-color":"","overlay-opacity":"","overlay-gradient":""},"tablet":{"background-color":"","background-image":"","background-repeat":"repeat","background-position":"center center","background-size":"auto","background-attachment":"scroll","background-type":"","background-media":"","overlay-type":"","overlay-color":"","overlay-opacity":"","overlay-gradient":""},"mobile":{"background-color":"","background-image":"","background-repeat":"repeat","background-position":"center center","background-size":"auto","background-attachment":"scroll","background-type":"","background-media":"","overlay-type":"","overlay-color":"","overlay-opacity":"","overlay-gradient":""}},"ast-content-background-meta":{"desktop":{"background-color":"var(--ast-global-color-5)","background-image":"","background-repeat":"repeat","background-position":"center center","background-size":"auto","background-attachment":"scroll","background-type":"","background-media":"","overlay-type":"","overlay-color":"","overlay-opacity":"","overlay-gradient":""},"tablet":{"background-color":"var(--ast-global-color-5)","background-image":"","background-repeat":"repeat","background-position":"center center","background-size":"auto","background-attachment":"scroll","background-type":"","background-media":"","overlay-type":"","overlay-color":"","overlay-opacity":"","overlay-gradient":""},"mobile":{"background-color":"var(--ast-global-color-5)","background-image":"","background-repeat":"repeat","background-position":"center center","background-size":"auto","background-attachment":"scroll","background-type":"","background-media":"","overlay-type":"","overlay-color":"","overlay-opacity":"","overlay-gradient":""}},"footnotes":""},"class_list":["post-725","page","type-page","status-publish","hentry"],"yoast_head":"<!-- This site is optimized with the Yoast SEO plugin v27.5 - https:\/\/yoast.com\/product\/yoast-seo-wordpress\/ -->\n<title>Equipe s\u00e9nior mixte - Les Archanges de Molsheim<\/title>\n<meta name=\"robots\" content=\"index, follow, max-snippet:-1, max-image-preview:large, max-video-preview:-1\" \/>\n<link rel=\"canonical\" href=\"https:\/\/www.les-archanges.fr\/index.php\/equipe-senior-mixte\/\" \/>\n<meta property=\"og:locale\" content=\"fr_FR\" \/>\n<meta property=\"og:type\" content=\"article\" \/>\n<meta property=\"og:title\" content=\"Equipe s\u00e9nior mixte - Les Archanges de Molsheim\" \/>\n<meta property=\"og:description\" content=\"EQUIPE SENIOR MIXTE \u00a0 L&#8217;\u00c9quipe de Flag Football Mixte des Archanges de Molsheim ! Notre \u00e9quipe de flag football mixte des Archanges de Molsheim est pr\u00eate \u00e0 se lancer dans une nouvelle saison ! Forts d&#8217;une exp\u00e9rience enrichissante au championnat de l&#8217;ann\u00e9e derni\u00e8re, nous sommes enthousiastes \u00e0 l&#8217;id\u00e9e de nous r\u00e9inscrire cette saison pour continuer [&hellip;]\" \/>\n<meta property=\"og:url\" content=\"https:\/\/www.les-archanges.fr\/index.php\/equipe-senior-mixte\/\" \/>\n<meta property=\"og:site_name\" content=\"Les Archanges de Molsheim\" \/>\n<meta property=\"article:modified_time\" content=\"2024-09-13T13:22:55+00:00\" \/>\n<meta property=\"og:image\" content=\"https:\/\/www.les-archanges.fr\/wp-content\/plugins\/elementor\/assets\/images\/placeholder.png\" \/>\n<meta name=\"twitter:card\" content=\"summary_large_image\" \/>\n<meta name=\"twitter:label1\" content=\"Dur\u00e9e de lecture estim\u00e9e\" \/>\n\t<meta name=\"twitter:data1\" content=\"2 minutes\" \/>\n<script type=\"application\/ld+json\" class=\"yoast-schema-graph\">{\"@context\":\"https:\\\/\\\/schema.org\",\"@graph\":[{\"@type\":\"WebPage\",\"@id\":\"https:\\\/\\\/www.les-archanges.fr\\\/index.php\\\/equipe-senior-mixte\\\/\",\"url\":\"https:\\\/\\\/www.les-archanges.fr\\\/index.php\\\/equipe-senior-mixte\\\/\",\"name\":\"Equipe s\u00e9nior mixte - Les Archanges de Molsheim\",\"isPartOf\":{\"@id\":\"https:\\\/\\\/www.les-archanges.fr\\\/#website\"},\"primaryImageOfPage\":{\"@id\":\"https:\\\/\\\/www.les-archanges.fr\\\/index.php\\\/equipe-senior-mixte\\\/#primaryimage\"},\"image\":{\"@id\":\"https:\\\/\\\/www.les-archanges.fr\\\/index.php\\\/equipe-senior-mixte\\\/#primaryimage\"},\"thumbnailUrl\":\"https:\\\/\\\/www.les-archanges.fr\\\/wp-content\\\/plugins\\\/elementor\\\/assets\\\/images\\\/placeholder.png\",\"datePublished\":\"2024-09-06T07:57:04+00:00\",\"dateModified\":\"2024-09-13T13:22:55+00:00\",\"breadcrumb\":{\"@id\":\"https:\\\/\\\/www.les-archanges.fr\\\/index.php\\\/equipe-senior-mixte\\\/#breadcrumb\"},\"inLanguage\":\"fr-FR\",\"potentialAction\":[{\"@type\":\"ReadAction\",\"target\":[\"https:\\\/\\\/www.les-archanges.fr\\\/index.php\\\/equipe-senior-mixte\\\/\"]}]},{\"@type\":\"ImageObject\",\"inLanguage\":\"fr-FR\",\"@id\":\"https:\\\/\\\/www.les-archanges.fr\\\/index.php\\\/equipe-senior-mixte\\\/#primaryimage\",\"url\":\"https:\\\/\\\/www.les-archanges.fr\\\/wp-content\\\/plugins\\\/elementor\\\/assets\\\/images\\\/placeholder.png\",\"contentUrl\":\"https:\\\/\\\/www.les-archanges.fr\\\/wp-content\\\/plugins\\\/elementor\\\/assets\\\/images\\\/placeholder.png\"},{\"@type\":\"BreadcrumbList\",\"@id\":\"https:\\\/\\\/www.les-archanges.fr\\\/index.php\\\/equipe-senior-mixte\\\/#breadcrumb\",\"itemListElement\":[{\"@type\":\"ListItem\",\"position\":1,\"name\":\"Accueil\",\"item\":\"https:\\\/\\\/www.les-archanges.fr\\\/\"},{\"@type\":\"ListItem\",\"position\":2,\"name\":\"Equipe s\u00e9nior mixte\"}]},{\"@type\":\"WebSite\",\"@id\":\"https:\\\/\\\/www.les-archanges.fr\\\/#website\",\"url\":\"https:\\\/\\\/www.les-archanges.fr\\\/\",\"name\":\"Les Archanges de Molsheim\",\"description\":\"Football Am\u00e9ricain et Flag \u00e0 Molsheim\",\"publisher\":{\"@id\":\"https:\\\/\\\/www.les-archanges.fr\\\/#organization\"},\"potentialAction\":[{\"@type\":\"SearchAction\",\"target\":{\"@type\":\"EntryPoint\",\"urlTemplate\":\"https:\\\/\\\/www.les-archanges.fr\\\/?s={search_term_string}\"},\"query-input\":{\"@type\":\"PropertyValueSpecification\",\"valueRequired\":true,\"valueName\":\"search_term_string\"}}],\"inLanguage\":\"fr-FR\"},{\"@type\":\"Organization\",\"@id\":\"https:\\\/\\\/www.les-archanges.fr\\\/#organization\",\"name\":\"Les Archanges de Molsheim\",\"url\":\"https:\\\/\\\/www.les-archanges.fr\\\/\",\"logo\":{\"@type\":\"ImageObject\",\"inLanguage\":\"fr-FR\",\"@id\":\"https:\\\/\\\/www.les-archanges.fr\\\/#\\\/schema\\\/logo\\\/image\\\/\",\"url\":\"https:\\\/\\\/www.les-archanges.fr\\\/wp-content\\\/uploads\\\/2024\\\/09\\\/cropped-logo-sans-fond-archange.png\",\"contentUrl\":\"https:\\\/\\\/www.les-archanges.fr\\\/wp-content\\\/uploads\\\/2024\\\/09\\\/cropped-logo-sans-fond-archange.png\",\"width\":123,\"height\":92,\"caption\":\"Les Archanges de Molsheim\"},\"image\":{\"@id\":\"https:\\\/\\\/www.les-archanges.fr\\\/#\\\/schema\\\/logo\\\/image\\\/\"}}]}<\/script>\n<!-- \/ Yoast SEO plugin. -->","yoast_head_json":{"title":"Equipe s\u00e9nior mixte - Les Archanges de Molsheim","robots":{"index":"index","follow":"follow","max-snippet":"max-snippet:-1","max-image-preview":"max-image-preview:large","max-video-preview":"max-video-preview:-1"},"canonical":"https:\/\/www.les-archanges.fr\/index.php\/equipe-senior-mixte\/","og_locale":"fr_FR","og_type":"article","og_title":"Equipe s\u00e9nior mixte - Les Archanges de Molsheim","og_description":"EQUIPE SENIOR MIXTE \u00a0 L&#8217;\u00c9quipe de Flag Football Mixte des Archanges de Molsheim ! Notre \u00e9quipe de flag football mixte des Archanges de Molsheim est pr\u00eate \u00e0 se lancer dans une nouvelle saison ! Forts d&#8217;une exp\u00e9rience enrichissante au championnat de l&#8217;ann\u00e9e derni\u00e8re, nous sommes enthousiastes \u00e0 l&#8217;id\u00e9e de nous r\u00e9inscrire cette saison pour continuer [&hellip;]","og_url":"https:\/\/www.les-archanges.fr\/index.php\/equipe-senior-mixte\/","og_site_name":"Les Archanges de Molsheim","article_modified_time":"2024-09-13T13:22:55+00:00","og_image":[{"url":"https:\/\/www.les-archanges.fr\/wp-content\/plugins\/elementor\/assets\/images\/placeholder.png","type":"","width":"","height":""}],"twitter_card":"summary_large_image","twitter_misc":{"Dur\u00e9e de lecture estim\u00e9e":"2 minutes"},"schema":{"@context":"https:\/\/schema.org","@graph":[{"@type":"WebPage","@id":"https:\/\/www.les-archanges.fr\/index.php\/equipe-senior-mixte\/","url":"https:\/\/www.les-archanges.fr\/index.php\/equipe-senior-mixte\/","name":"Equipe s\u00e9nior mixte - Les Archanges de Molsheim","isPartOf":{"@id":"https:\/\/www.les-archanges.fr\/#website"},"primaryImageOfPage":{"@id":"https:\/\/www.les-archanges.fr\/index.php\/equipe-senior-mixte\/#primaryimage"},"image":{"@id":"https:\/\/www.les-archanges.fr\/index.php\/equipe-senior-mixte\/#primaryimage"},"thumbnailUrl":"https:\/\/www.les-archanges.fr\/wp-content\/plugins\/elementor\/assets\/images\/placeholder.png","datePublished":"2024-09-06T07:57:04+00:00","dateModified":"2024-09-13T13:22:55+00:00","breadcrumb":{"@id":"https:\/\/www.les-archanges.fr\/index.php\/equipe-senior-mixte\/#breadcrumb"},"inLanguage":"fr-FR","potentialAction":[{"@type":"ReadAction","target":["https:\/\/www.les-archanges.fr\/index.php\/equipe-senior-mixte\/"]}]},{"@type":"ImageObject","inLanguage":"fr-FR","@id":"https:\/\/www.les-archanges.fr\/index.php\/equipe-senior-mixte\/#primaryimage","url":"https:\/\/www.les-archanges.fr\/wp-content\/plugins\/elementor\/assets\/images\/placeholder.png","contentUrl":"https:\/\/www.les-archanges.fr\/wp-content\/plugins\/elementor\/assets\/images\/placeholder.png"},{"@type":"BreadcrumbList","@id":"https:\/\/www.les-archanges.fr\/index.php\/equipe-senior-mixte\/#breadcrumb","itemListElement":[{"@type":"ListItem","position":1,"name":"Accueil","item":"https:\/\/www.les-archanges.fr\/"},{"@type":"ListItem","position":2,"name":"Equipe s\u00e9nior mixte"}]},{"@type":"WebSite","@id":"https:\/\/www.les-archanges.fr\/#website","url":"https:\/\/www.les-archanges.fr\/","name":"Les Archanges de Molsheim","description":"Football Am\u00e9ricain et Flag \u00e0 Molsheim","publisher":{"@id":"https:\/\/www.les-archanges.fr\/#organization"},"potentialAction":[{"@type":"SearchAction","target":{"@type":"EntryPoint","urlTemplate":"https:\/\/www.les-archanges.fr\/?s={search_term_string}"},"query-input":{"@type":"PropertyValueSpecification","valueRequired":true,"valueName":"search_term_string"}}],"inLanguage":"fr-FR"},{"@type":"Organization","@id":"https:\/\/www.les-archanges.fr\/#organization","name":"Les Archanges de Molsheim","url":"https:\/\/www.les-archanges.fr\/","logo":{"@type":"ImageObject","inLanguage":"fr-FR","@id":"https:\/\/www.les-archanges.fr\/#\/schema\/logo\/image\/","url":"https:\/\/www.les-archanges.fr\/wp-content\/uploads\/2024\/09\/cropped-logo-sans-fond-archange.png","contentUrl":"https:\/\/www.les-archanges.fr\/wp-content\/uploads\/2024\/09\/cropped-logo-sans-fond-archange.png","width":123,"height":92,"caption":"Les Archanges de Molsheim"},"image":{"@id":"https:\/\/www.les-archanges.fr\/#\/schema\/logo\/image\/"}}]}},"_links":{"self":[{"href":"https:\/\/www.les-archanges.fr\/index.php\/wp-json\/wp\/v2\/pages\/725","targetHints":{"allow":["GET"]}}],"collection":[{"href":"https:\/\/www.les-archanges.fr\/index.php\/wp-json\/wp\/v2\/pages"}],"about":[{"href":"https:\/\/www.les-archanges.fr\/index.php\/wp-json\/wp\/v2\/types\/page"}],"author":[{"embeddable":true,"href":"https:\/\/www.les-archanges.fr\/index.php\/wp-json\/wp\/v2\/users\/2"}],"replies":[{"embeddable":true,"href":"https:\/\/www.les-archanges.fr\/index.php\/wp-json\/wp\/v2\/comments?post=725"}],"version-history":[{"count":10,"href":"https:\/\/www.les-archanges.fr\/index.php\/wp-json\/wp\/v2\/pages\/725\/revisions"}],"predecessor-version":[{"id":827,"href":"https:\/\/www.les-archanges.fr\/index.php\/wp-json\/wp\/v2\/pages\/725\/revisions\/827"}],"wp:attachment":[{"href":"https:\/\/www.les-archanges.fr\/index.php\/wp-json\/wp\/v2\/media?parent=725"}],"curies":[{"name":"wp","href":"https:\/\/api.w.org\/{rel}","templated":true}]}}